{"id":14080,"date":"2024-05-31T12:14:37","date_gmt":"2024-05-31T10:14:37","guid":{"rendered":"https:\/\/wirsindderplan.de\/jobs\/"},"modified":"2026-04-29T14:42:45","modified_gmt":"2026-04-29T12:42:45","slug":"jobs","status":"publish","type":"page","link":"https:\/\/wirsindderplan.de\/en\/jobs\/","title":{"rendered":"Jobs"},"content":{"rendered":"\t<article id=\"post-16237\" class=\"site-main entry inside-article container site-content site-container content-bg content-area ht-container post-16237 personioposition type-personioposition status-publish taxonomy-recruitingCategory term-recruitingCategory-festangestellte term-festangestellte taxonomy-occupation term-occupation-marketing-and-product term-marketing-and-product taxonomy-occupation_detail term-occupation_detail-media-planning-and-buying term-media-planning-and-buying taxonomy-office term-office-muenchen term-muenchen taxonomy-department term-department-plan term-plan taxonomy-employmenttype term-employmenttype-permanent term-permanent taxonomy-seniority term-seniority-experienced term-experienced taxonomy-schedule term-schedule-full-time term-full-time taxonomy-experience term-experience-2-5 term-2-5 taxonomy-language term-language-de term-de taxonomy-language term-language-en term-en container\" role=\"region\" aria-label=\"Position\">\n\t\t<header class=\"entry-content default-max-width\">\n\t<h2 class=\"entry-title\">Mediaplaner (Mensch)<\/h2>\n<\/header>\n<div class=\"entry-content \">\n\t\t\t<h3>Womit Du das Team weiterbringst<\/h3><p>Du sorgst daf\u00fcr, dass unsere Media-Projekte f\u00fcr unsere Kunden strukturiert geplant, sauber koordiniert und zuverl\u00e4ssig umgesetzt werden. In unserem selbstorganisierten Team \u00fcbernimmst Du Verantwortung f\u00fcr Planung, Abl\u00e4ufe und Kosten.<br><br><strong>Koordination<\/strong><br><ul><li>Du strukturierst Media-Projekte und beh\u00e4ltst Timings, Aufgaben, Budgets und Abh\u00e4ngigkeiten im Blick.<\/li><li><p>Du koordinierst die Abl\u00e4ufe zwischen Kunden, Medienpartnern und unserem Team und sorgst daf\u00fcr, dass Projekte zuverl\u00e4ssig umgesetzt werden.<\/p><\/li><li><p>Du bist Ansprechpartner f\u00fcr unsere Kunden bei Fragen zu Projektabl\u00e4ufen, Timings und organisatorischen Themen.<\/p><\/li><li><p>Du sorgst f\u00fcr Transparenz bei Deadlines, Kosten und Projektst\u00e4nden und weist fr\u00fchzeitig auf m\u00f6gliche Engp\u00e4sse hin.<\/p><\/li><li><p>Du bereitest Pr\u00e4sentationen und Abstimmungen im Projekt operativ vor und unterst\u00fctzt bei der Organisation der Kampagnenumsetzung.<\/p><\/li><\/ul><br><br><strong>Planung<\/strong><br><ul><li><p>Du recherchierst Informationen zu deutschen sowie internationalen Werbetr\u00e4gern (Medien) und bewertest diese im Hinblick auf Zielgruppen, Reichweiten und Kosten.<\/p><\/li><li><p>Du kommunizierst per E-Mail und Telefon mit deutschen und internationalen Medienvertretern, holst Angebote ein und verhandelst Konditionen.<\/p><\/li><li><p>Du erstellst Mediaplanungen und Excel-Kostenpl\u00e4ne und bef\u00fcllst sie mit Werbetr\u00e4gerinformationen und Angebotskonditionen.<\/p><\/li><li><p>Du entwickelst Szenarien und Empfehlungen auf Basis von Zielgruppen, Reichweiten und Budgets.<\/p><\/li><li><p>Du bereitest Kostenpl\u00e4ne, Analysen und Pr\u00e4sentationen f\u00fcr unsere Kunden auf.<\/p><\/li><li><p>Du wertest Kampagnenergebnisse aus und erstellst aussagekr\u00e4ftige Reportings in Excel und\/oder PowerPoint.<\/p><\/li><li><p>Du kl\u00e4rst R\u00fcckfragen unserer Kunden zu Mediaplanungen und Kostenpl\u00e4nen.<\/p><\/li><li><p>Du arbeitest Hand in Hand mit deinen Kolleg*innen und unterst\u00fctzt die Mediaplanung und -beratung.<\/p><\/li><\/ul><br><\/p>\n\t\t\t\t<h3>Womit Du bei uns punktest<\/h3><p><ul><li>Du verf\u00fcgst \u00fcber fundierte Kenntnisse im Mediabereich und hast bereits praktische Erfahrung in der Mediaplanung gesammelt.<\/li><li>Du verstehst, wie Mediapl\u00e4ne aufgebaut sind, kennst wichtige Kennzahlen wie Reichweiten, Durchschnittskontakte oder TKP und kannst diese sicher einordnen.<\/li><li>Du arbeitest strukturiert und beh\u00e4ltst auch bei mehreren parallelen Projekten den \u00dcberblick \u00fcber Timings, Budgets und Aufgaben.<\/li><li>Du denkst analytisch und kannst Mediaplanungen und Szenarien logisch herleiten und begr\u00fcnden.<\/li><li>Du sch\u00e4tzt Aufw\u00e4nde realistisch ein und kommunizierst klar, wenn Priorit\u00e4ten gesetzt oder Abl\u00e4ufe angepasst werden m\u00fcssen.<\/li><li>Du bringst eine hohe Eigenmotivation und Leistungsbereitschaft mit und m\u00f6chtest aktiv zum Erfolg unseres Teams und unserer Kunden beitragen.<\/li><li>Du arbeitest gerne im Team, kommunizierst offen und zuverl\u00e4ssig und stimmst dich konstruktiv mit Kolleg*innen und Partnern ab.<\/li><li>Du beh\u00e4ltst stets den \u00dcberblick \u00fcber deine Aufgaben, denkst mit und bleibst ruhig, auch wenn mehrere Themen gleichzeitig laufen.<br><br><\/li><\/ul><\/p>\n\t\t\t\t<h3>Was wir Dir bieten<\/h3><p><ul><li>Arbeiten in einem selbstorganisierten Team mit viel Gestaltungsm\u00f6glichkeiten deiner Rolle, des Teams und der gesamten Organisation.<\/li><li>Eine unbefristete Festanstellung mit viel Flexibilit\u00e4t: flexible Arbeitszeit, flexibler Arbeitsort, flexible Urlaubstage, flexibles Budget f\u00fcr Essen, Mobilit\u00e4t und Sachbez\u00fcge.<\/li><li>Zuschuss zu betrieblichen Altersvorsorge.<\/li><li>Bikeleasing per Gehaltsumwandlung.<\/li><\/ul><\/p>\n\t\t<\/div>\n<div class=\"entry-content\">\n\t<p class=\"personio-integration-application-button\">\n\t\t<a class=\"personio-integration-application-button\" href=\"https:\/\/plan-marken-mediaagentur-gmbh.jobs.personio.de\/job\/2560193?display=en#apply\" target=\"_blank\">\n\t\t\tApply for this position\t\t<\/a>\n\t\t\t<\/p>\n<\/div>\n\t<\/article>\n","protected":false},"excerpt":{"rendered":"<div class=\"entry-content \">\n\t<p>Festangestellte, full-time, M\u00fcnchen<\/p>\n<\/div>\n","protected":false},"author":1,"featured_media":12588,"parent":0,"menu_order":0,"comment_status":"closed","ping_status":"closed","template":"","meta":{"footnotes":""},"class_list":["post-14080","page","type-page","status-publish","has-post-thumbnail","hentry"],"yoast_head":"<!-- This site is optimized with the Yoast SEO plugin v27.5 - https:\/\/yoast.com\/product\/yoast-seo-wordpress\/ -->\n<title>Jobs for Passionate Professionals | PLAN<\/title>\n<meta name=\"description\" content=\"Media Planning and Brand Consulting | Flexible Remote\/Part-Time Roles | Meaningful &amp; Sustainable Work in Munich or Remotely | Find a PLAN Job Now!\" \/>\n<meta name=\"robots\" content=\"index, follow, max-snippet:-1, max-image-preview:large, max-video-preview:-1\" \/>\n<link rel=\"canonical\" href=\"https:\/\/wirsindderplan.de\/en\/jobs\/\" \/>\n<meta property=\"og:locale\" content=\"en_US\" \/>\n<meta property=\"og:type\" content=\"article\" \/>\n<meta property=\"og:title\" content=\"Jobs for Passionate Professionals | PLAN\" \/>\n<meta property=\"og:description\" content=\"Media Planning and Brand Consulting | Flexible Remote\/Part-Time Roles | Meaningful &amp; Sustainable Work in Munich or Remotely | Find a PLAN Job Now!\" \/>\n<meta property=\"og:url\" content=\"https:\/\/wirsindderplan.de\/en\/jobs\/\" \/>\n<meta property=\"og:site_name\" content=\"PLAN - Markenagentur und Mediaagentur\" \/>\n<meta property=\"article:modified_time\" content=\"2026-04-29T12:42:45+00:00\" \/>\n<meta property=\"og:image\" content=\"https:\/\/wirsindderplan.de\/wp-content\/uploads\/2025\/05\/jobs-hero-750x758-1-297x300.jpg\" \/>\n<meta name=\"twitter:card\" content=\"summary_large_image\" \/>\n<meta name=\"twitter:label1\" content=\"Est. reading time\" \/>\n\t<meta name=\"twitter:data1\" content=\"9 minutes\" \/>\n<script type=\"application\/ld+json\" class=\"yoast-schema-graph\">{\"@context\":\"https:\\\/\\\/schema.org\",\"@graph\":[{\"@type\":\"WebPage\",\"@id\":\"https:\\\/\\\/wirsindderplan.de\\\/en\\\/jobs\\\/\",\"url\":\"https:\\\/\\\/wirsindderplan.de\\\/en\\\/jobs\\\/\",\"name\":\"Jobs for Passionate Professionals | PLAN\",\"isPartOf\":{\"@id\":\"https:\\\/\\\/wirsindderplan.de\\\/en\\\/#website\"},\"primaryImageOfPage\":{\"@id\":\"https:\\\/\\\/wirsindderplan.de\\\/en\\\/jobs\\\/#primaryimage\"},\"image\":{\"@id\":\"https:\\\/\\\/wirsindderplan.de\\\/en\\\/jobs\\\/#primaryimage\"},\"thumbnailUrl\":\"https:\\\/\\\/wirsindderplan.de\\\/wp-content\\\/uploads\\\/2025\\\/05\\\/jobs-hero-1920x620-2.jpg\",\"datePublished\":\"2024-05-31T10:14:37+00:00\",\"dateModified\":\"2026-04-29T12:42:45+00:00\",\"description\":\"Media Planning and Brand Consulting | Flexible Remote\\\/Part-Time Roles | Meaningful & Sustainable Work in Munich or Remotely | Find a PLAN Job Now!\",\"breadcrumb\":{\"@id\":\"https:\\\/\\\/wirsindderplan.de\\\/en\\\/jobs\\\/#breadcrumb\"},\"inLanguage\":\"en-US\",\"potentialAction\":[{\"@type\":\"ReadAction\",\"target\":[\"https:\\\/\\\/wirsindderplan.de\\\/en\\\/jobs\\\/\"]}]},{\"@type\":\"ImageObject\",\"inLanguage\":\"en-US\",\"@id\":\"https:\\\/\\\/wirsindderplan.de\\\/en\\\/jobs\\\/#primaryimage\",\"url\":\"https:\\\/\\\/wirsindderplan.de\\\/wp-content\\\/uploads\\\/2025\\\/05\\\/jobs-hero-1920x620-2.jpg\",\"contentUrl\":\"https:\\\/\\\/wirsindderplan.de\\\/wp-content\\\/uploads\\\/2025\\\/05\\\/jobs-hero-1920x620-2.jpg\",\"width\":1920,\"height\":620},{\"@type\":\"BreadcrumbList\",\"@id\":\"https:\\\/\\\/wirsindderplan.de\\\/en\\\/jobs\\\/#breadcrumb\",\"itemListElement\":[{\"@type\":\"ListItem\",\"position\":1,\"name\":\"Home\",\"item\":\"https:\\\/\\\/wirsindderplan.de\\\/en\\\/\"},{\"@type\":\"ListItem\",\"position\":2,\"name\":\"Jobs\"}]},{\"@type\":\"WebSite\",\"@id\":\"https:\\\/\\\/wirsindderplan.de\\\/en\\\/#website\",\"url\":\"https:\\\/\\\/wirsindderplan.de\\\/en\\\/\",\"name\":\"PLAN - Markenagentur und Mediaagentur\",\"description\":\"Die einzige Agentur, die Markenstrategie und Mediaplanung \u00fcber Nachhaltigkeit verbindet.\",\"potentialAction\":[{\"@type\":\"SearchAction\",\"target\":{\"@type\":\"EntryPoint\",\"urlTemplate\":\"https:\\\/\\\/wirsindderplan.de\\\/en\\\/?s={search_term_string}\"},\"query-input\":{\"@type\":\"PropertyValueSpecification\",\"valueRequired\":true,\"valueName\":\"search_term_string\"}}],\"inLanguage\":\"en-US\"}]}<\/script>\n<!-- \/ Yoast SEO plugin. -->","yoast_head_json":{"title":"Jobs for Passionate Professionals | PLAN","description":"Media Planning and Brand Consulting | Flexible Remote\/Part-Time Roles | Meaningful & Sustainable Work in Munich or Remotely | Find a PLAN Job Now!","robots":{"index":"index","follow":"follow","max-snippet":"max-snippet:-1","max-image-preview":"max-image-preview:large","max-video-preview":"max-video-preview:-1"},"canonical":"https:\/\/wirsindderplan.de\/en\/jobs\/","og_locale":"en_US","og_type":"article","og_title":"Jobs for Passionate Professionals | PLAN","og_description":"Media Planning and Brand Consulting | Flexible Remote\/Part-Time Roles | Meaningful & Sustainable Work in Munich or Remotely | Find a PLAN Job Now!","og_url":"https:\/\/wirsindderplan.de\/en\/jobs\/","og_site_name":"PLAN - Markenagentur und Mediaagentur","article_modified_time":"2026-04-29T12:42:45+00:00","og_image":[{"url":"https:\/\/wirsindderplan.de\/wp-content\/uploads\/2025\/05\/jobs-hero-750x758-1-297x300.jpg","type":"","width":"","height":""}],"twitter_card":"summary_large_image","twitter_misc":{"Est. reading time":"9 minutes"},"schema":{"@context":"https:\/\/schema.org","@graph":[{"@type":"WebPage","@id":"https:\/\/wirsindderplan.de\/en\/jobs\/","url":"https:\/\/wirsindderplan.de\/en\/jobs\/","name":"Jobs for Passionate Professionals | PLAN","isPartOf":{"@id":"https:\/\/wirsindderplan.de\/en\/#website"},"primaryImageOfPage":{"@id":"https:\/\/wirsindderplan.de\/en\/jobs\/#primaryimage"},"image":{"@id":"https:\/\/wirsindderplan.de\/en\/jobs\/#primaryimage"},"thumbnailUrl":"https:\/\/wirsindderplan.de\/wp-content\/uploads\/2025\/05\/jobs-hero-1920x620-2.jpg","datePublished":"2024-05-31T10:14:37+00:00","dateModified":"2026-04-29T12:42:45+00:00","description":"Media Planning and Brand Consulting | Flexible Remote\/Part-Time Roles | Meaningful & Sustainable Work in Munich or Remotely | Find a PLAN Job Now!","breadcrumb":{"@id":"https:\/\/wirsindderplan.de\/en\/jobs\/#breadcrumb"},"inLanguage":"en-US","potentialAction":[{"@type":"ReadAction","target":["https:\/\/wirsindderplan.de\/en\/jobs\/"]}]},{"@type":"ImageObject","inLanguage":"en-US","@id":"https:\/\/wirsindderplan.de\/en\/jobs\/#primaryimage","url":"https:\/\/wirsindderplan.de\/wp-content\/uploads\/2025\/05\/jobs-hero-1920x620-2.jpg","contentUrl":"https:\/\/wirsindderplan.de\/wp-content\/uploads\/2025\/05\/jobs-hero-1920x620-2.jpg","width":1920,"height":620},{"@type":"BreadcrumbList","@id":"https:\/\/wirsindderplan.de\/en\/jobs\/#breadcrumb","itemListElement":[{"@type":"ListItem","position":1,"name":"Home","item":"https:\/\/wirsindderplan.de\/en\/"},{"@type":"ListItem","position":2,"name":"Jobs"}]},{"@type":"WebSite","@id":"https:\/\/wirsindderplan.de\/en\/#website","url":"https:\/\/wirsindderplan.de\/en\/","name":"PLAN - Markenagentur und Mediaagentur","description":"Die einzige Agentur, die Markenstrategie und Mediaplanung \u00fcber Nachhaltigkeit verbindet.","potentialAction":[{"@type":"SearchAction","target":{"@type":"EntryPoint","urlTemplate":"https:\/\/wirsindderplan.de\/en\/?s={search_term_string}"},"query-input":{"@type":"PropertyValueSpecification","valueRequired":true,"valueName":"search_term_string"}}],"inLanguage":"en-US"}]}},"_links":{"self":[{"href":"https:\/\/wirsindderplan.de\/en\/wp-json\/wp\/v2\/pages\/14080","targetHints":{"allow":["GET"]}}],"collection":[{"href":"https:\/\/wirsindderplan.de\/en\/wp-json\/wp\/v2\/pages"}],"about":[{"href":"https:\/\/wirsindderplan.de\/en\/wp-json\/wp\/v2\/types\/page"}],"author":[{"embeddable":true,"href":"https:\/\/wirsindderplan.de\/en\/wp-json\/wp\/v2\/users\/1"}],"replies":[{"embeddable":true,"href":"https:\/\/wirsindderplan.de\/en\/wp-json\/wp\/v2\/comments?post=14080"}],"version-history":[{"count":57,"href":"https:\/\/wirsindderplan.de\/en\/wp-json\/wp\/v2\/pages\/14080\/revisions"}],"predecessor-version":[{"id":17260,"href":"https:\/\/wirsindderplan.de\/en\/wp-json\/wp\/v2\/pages\/14080\/revisions\/17260"}],"wp:featuredmedia":[{"embeddable":true,"href":"https:\/\/wirsindderplan.de\/en\/wp-json\/wp\/v2\/media\/12588"}],"wp:attachment":[{"href":"https:\/\/wirsindderplan.de\/en\/wp-json\/wp\/v2\/media?parent=14080"}],"curies":[{"name":"wp","href":"https:\/\/api.w.org\/{rel}","templated":true}]}}